{"id":77,"date":"2021-02-26T13:18:05","date_gmt":"2021-02-26T12:18:05","guid":{"rendered":"http:\/\/saeckingen-sport.de\/?page_id=77"},"modified":"2025-05-13T12:39:00","modified_gmt":"2025-05-13T11:39:00","slug":"berichte","status":"publish","type":"page","link":"https:\/\/saeckingen-sport.de\/?page_id=77","title":{"rendered":"Berichte"},"content":{"rendered":"\r\n<p><span style=\"font-size: 24pt;\"><strong>Jahreshauptversammlung am 12.05.2025<\/strong><\/span><\/p>\r\n<p><a href=\"https:\/\/saeckingen-sport.de\/wp-content\/uploads\/2025\/05\/2025-05-12_sportausschuss_jv_geschaeftsbericht_2024-1.pdf\" target=\"_blank\" rel=\"noopener\">Gesch\u00e4ftsbericht 2024<\/a><\/p>\r\n<p><a href=\"https:\/\/saeckingen-sport.de\/wp-content\/uploads\/2025\/05\/2025-05-12_sportausschuss_jv_kasse_2024.pdf\" target=\"_blank\" rel=\"noopener\">Kassenbericht 2024<\/a><\/p>\r\n<p>&nbsp;<\/p>\r\n<p><span style=\"font-size: 24pt;\">Sportlerehrung 2024<\/span><\/p>\r\n<p><a href=\"https:\/\/saeckingen-sport.de\/wp-content\/uploads\/2024\/03\/BZ-2024-02-29-Sportlerehrung.pdf\" target=\"_blank\" rel=\"noopener\">Sportlerehrung 2024:<\/a> <a href=\"https:\/\/saeckingen-sport.de\/wp-content\/uploads\/2024\/03\/SK-2024-02-29-Sportlerehrung.pdf\" target=\"_blank\" rel=\"noopener\">Stadt Bad S\u00e4ckingen w\u00fcrdigt die Leistung von insgesamt 71 Athleten. Felix Kromer mit dem Ehrenpreis ausgezeichnet.<\/a><\/p>\r\n<p>&nbsp;<\/p>\r\n<p><span style=\"font-size: 24pt;\">Jahreshauptversammlung 2023<\/span><\/p>\r\n<p><img loading=\"lazy\" decoding=\"async\" class=\"alignnone size-large wp-image-532\" src=\"https:\/\/saeckingen-sport.de\/wp-content\/uploads\/2023\/04\/SK-2023-04-08-Sportausschuss-GV-Foto-1024x272.jpg\" sizes=\"auto, (max-width: 640px) 100vw, 640px\" srcset=\"https:\/\/saeckingen-sport.de\/wp-content\/uploads\/2023\/04\/SK-2023-04-08-Sportausschuss-GV-Foto-1024x272.jpg 1024w, https:\/\/saeckingen-sport.de\/wp-content\/uploads\/2023\/04\/SK-2023-04-08-Sportausschuss-GV-Foto-300x80.jpg 300w, https:\/\/saeckingen-sport.de\/wp-content\/uploads\/2023\/04\/SK-2023-04-08-Sportausschuss-GV-Foto-768x204.jpg 768w, https:\/\/saeckingen-sport.de\/wp-content\/uploads\/2023\/04\/SK-2023-04-08-Sportausschuss-GV-Foto-1536x407.jpg 1536w, https:\/\/saeckingen-sport.de\/wp-content\/uploads\/2023\/04\/SK-2023-04-08-Sportausschuss-GV-Foto-1568x416.jpg 1568w, https:\/\/saeckingen-sport.de\/wp-content\/uploads\/2023\/04\/SK-2023-04-08-Sportausschuss-GV-Foto.jpg 1919w\" alt=\"\" width=\"640\" height=\"170\" \/><\/p>\r\n<p><a href=\"https:\/\/saeckingen-sport.de\/wp-content\/uploads\/2023\/04\/2023-04-04-Protokoll_GV.pdf\" target=\"_blank\" rel=\"noopener\">Protokoll<\/a><\/p>\r\n<p><a href=\"https:\/\/saeckingen-sport.de\/wp-content\/uploads\/2023\/04\/SK-2023-04-08-Sportausschuss-GV.pdf\" target=\"_blank\" rel=\"noopener\">Pressebericht im S\u00fcdkurier (SK, 08.04.2023, pdf)<\/a><\/p>\r\n<p>&nbsp;<\/p>\r\n<p><span style=\"font-size: 24pt;\">Sportlerehrung am 22. M\u00e4rz 2023<br \/>im Schloss Sch\u00f6nau<\/span><br \/><a href=\"https:\/\/saeckingen-sport.de\/wp-content\/uploads\/2023\/03\/BZ-2023-03-24-Sportlerehrung.pdf\" target=\"_blank\" rel=\"noopener\"><img loading=\"lazy\" decoding=\"async\" class=\"alignnone size-large wp-image-513\" src=\"https:\/\/saeckingen-sport.de\/wp-content\/uploads\/2023\/03\/Sportlerehrung2023-1024x553.jpg\" sizes=\"auto, (max-width: 640px) 100vw, 640px\" srcset=\"https:\/\/saeckingen-sport.de\/wp-content\/uploads\/2023\/03\/Sportlerehrung2023-1024x553.jpg 1024w, https:\/\/saeckingen-sport.de\/wp-content\/uploads\/2023\/03\/Sportlerehrung2023-300x162.jpg 300w, https:\/\/saeckingen-sport.de\/wp-content\/uploads\/2023\/03\/Sportlerehrung2023-768x415.jpg 768w, https:\/\/saeckingen-sport.de\/wp-content\/uploads\/2023\/03\/Sportlerehrung2023.jpg 1320w\" alt=\"\" width=\"640\" height=\"346\" \/><br \/>(BZ, 24.03.2023, pdf)<\/a><br \/><a href=\"https:\/\/saeckingen-sport.de\/wp-content\/uploads\/2023\/03\/SK-2023-03-25-Sportlerehrung.pdf\" target=\"_blank\" rel=\"noopener\">(SK, 25.03.2023, pdf)<\/a><\/p>\r\n<p>&nbsp;<\/p>\r\n<p><span style=\"font-size: 24pt;\">Jahreshauptversammlung 2022<\/span><\/p>\r\n<p><a href=\"https:\/\/saeckingen-sport.de\/wp-content\/uploads\/2023\/04\/2022-10-10_sportausschuss_protokoll_2022.pdf\" target=\"_blank\" rel=\"noopener\"><span style=\"font-size: 18pt;\"><span style=\"font-size: 24pt;\"><span style=\"font-size: 18pt;\">Protokoll<\/span><\/span><\/span><\/a><\/p>\r\n<p>&nbsp;<\/p>\r\n<p style=\"font-size: 40px;\"><span style=\"font-size: 24pt;\">Jahreshauptversammlung 2021<\/span><\/p>\r\n\r\n\r\n\r\n<p style=\"font-size: 30px;\"><a href=\"https:\/\/saeckingen-sport.de\/wp-content\/uploads\/2021\/03\/2021-03-08_sportausschuss_jv_protokoll_2021.pdf\" target=\"_blank\" rel=\"noreferrer noopener\" data-type=\"URL\" data-id=\"https:\/\/saeckingen-sport.de\/wp-content\/uploads\/2021\/03\/2021-03-08_sportausschuss_jv_protokoll_2021.pdf\"><span style=\"font-size: 24pt;\"><span style=\"font-size: 18pt;\">Protokoll<\/span><\/span><\/a><\/p>\r\n<p><span style=\"font-size: 18pt;\">\r\n\r\n<\/span><\/p>\r\n<p style=\"font-size: 30px;\"><span style=\"font-size: 18pt;\"><a href=\"https:\/\/saeckingen-sport.de\/wp-content\/uploads\/2021\/03\/2021-03-08_sportausschuss_jv_geschaeftsbericht_2020.pdf\" target=\"_blank\" rel=\"noreferrer noopener\" data-type=\"URL\" data-id=\"https:\/\/saeckingen-sport.de\/wp-content\/uploads\/2021\/03\/2021-03-08_sportausschuss_jv_geschaeftsbericht_2020.pdf\">Gesch\u00e4ftsbericht<\/a><\/span><\/p>\r\n<p><span style=\"font-size: 18pt;\">\r\n\r\n<\/span><\/p>\r\n<p style=\"font-size: 30px;\"><span style=\"font-size: 18pt;\"><a href=\"https:\/\/saeckingen-sport.de\/wp-content\/uploads\/2021\/03\/2021-03-08_sportausschuss_jv_kasse_2020.pdf\" target=\"_blank\" rel=\"noreferrer noopener\" data-type=\"URL\" data-id=\"https:\/\/saeckingen-sport.de\/wp-content\/uploads\/2021\/03\/2021-03-08_sportausschuss_jv_kasse_2020.pdf\">Kassenbericht<\/a><\/span><\/p>\r\n<p><span style=\"font-size: 18pt;\">\r\n\r\n<\/span><\/p>\r\n<p style=\"font-size: 30px;\"><span style=\"font-size: 18pt;\"><a href=\"https:\/\/saeckingen-sport.de\/wp-content\/uploads\/2021\/03\/2021-03-08_Satzung.pdf\" target=\"_blank\" rel=\"noreferrer noopener\" data-type=\"URL\" data-id=\"https:\/\/saeckingen-sport.de\/wp-content\/uploads\/2021\/03\/2021-03-08_Satzung.pdf\">Ge\u00e4nderte Satzung<\/a><\/span><\/p>\r\n<p><span style=\"font-size: 18pt;\">\r\n\r\n<\/span><\/p>\r\n<p style=\"font-size: 30px;\"><span style=\"font-size: 18pt;\"><a href=\"https:\/\/saeckingen-sport.de\/wp-content\/uploads\/2021\/03\/2021-03-08_sportausschuss_jv_anwesenheitsliste.pdf\" target=\"_blank\" rel=\"noreferrer noopener\" data-type=\"URL\" data-id=\"https:\/\/saeckingen-sport.de\/wp-content\/uploads\/2021\/03\/2021-03-08_sportausschuss_jv_anwesenheitsliste.pdf\">Anwesenheitsliste<\/a><\/span><\/p>\r\n\r\n\r\n\r\n<p>&nbsp;<\/p>\r\n<p style=\"font-size: 40px;\"><span style=\"font-size: 24pt;\">Jahreshauptversammlung 2020<\/span><\/p>\r\n\r\n\r\n\r\n<p style=\"font-size: 30px;\"><a href=\"https:\/\/saeckingen-sport.de\/wp-content\/uploads\/2020\/10\/jv_protokoll_2020.pdf\" target=\"_blank\" rel=\"noreferrer noopener\"><span style=\"font-size: 24pt;\"><span style=\"font-size: 18pt;\">Protokoll<\/span><\/span><\/a><\/p>\r\n<p><span style=\"font-size: 18pt;\">\r\n\r\n<\/span><\/p>\r\n<p style=\"font-size: 30px;\"><span style=\"font-size: 18pt;\"><a href=\"https:\/\/saeckingen-sport.de\/wp-content\/uploads\/2020\/10\/jv_geschaeftsbericht_2019.pdf\" target=\"_blank\" rel=\"noreferrer noopener\">Gesch\u00e4ftsbericht<\/a><\/span><\/p>\r\n<p><span style=\"font-size: 18pt;\">\r\n\r\n<\/span><\/p>\r\n<p style=\"font-size: 30px;\"><span style=\"font-size: 18pt;\"><a href=\"https:\/\/saeckingen-sport.de\/wp-content\/uploads\/2020\/10\/jv_kasse_2019.pdf\" target=\"_blank\" rel=\"noreferrer noopener\">Kassenbericht<\/a><\/span><\/p>\r\n<p><span style=\"font-size: 18pt;\">\r\n\r\n<\/span><\/p>\r\n<p style=\"font-size: 24px;\"><span style=\"font-size: 18pt;\"><a href=\"https:\/\/www.badische-zeitung.de\/bad-saeckingen\/sportausschuss-will-erst-im-fruehjahr-entscheiden--197333987.html\" target=\"_blank\" rel=\"noreferrer noopener\">Pressebericht in der Badischen Zeitung Online (28.10.2020)<\/a><\/span><br \/><span style=\"font-size: 18pt;\"><a href=\"https:\/\/saeckingen-sport.de\/wp-content\/uploads\/2020\/10\/BZ-2020-10-28-Sportausschuss-GV.pdf\" target=\"_blank\" rel=\"noreferrer noopener\">als pdf<\/a><\/span><\/p>\r\n<p><span style=\"font-size: 18pt;\">\r\n\r\n<\/span><\/p>\r\n<p style=\"font-size: 24px;\"><span style=\"font-size: 18pt;\"><a href=\"https:\/\/www.suedkurier.de\/region\/hochrhein\/bad-saeckingen\/die-termine-der-bad-saeckinger-sportvereine-fuer-2021-sind-derzeit-noch-unsicher;art372588,10651329\" target=\"_blank\" rel=\"noreferrer noopener\">Pressebericht im S\u00fcdkurier Online (27.10.2020)<\/a><\/span><br \/><span style=\"font-size: 18pt;\"><a href=\"https:\/\/saeckingen-sport.de\/wp-content\/uploads\/2020\/10\/SK-2020-10-27-Sportausschuss-GV.pdf\" target=\"_blank\" rel=\"noreferrer noopener\">als pdf<\/a><\/span><\/p>\r\n","protected":false},"excerpt":{"rendered":"<p>Jahreshauptversammlung am 12.05.2025 Gesch\u00e4ftsbericht 2024 Kassenbericht 2024 &nbsp; Sportlerehrung 2024 Sportlerehrung 2024: Stadt Bad S\u00e4ckingen w\u00fcrdigt die Leistung von insgesamt 71 Athleten. Felix Kromer mit dem Ehrenpreis ausgezeichnet. &nbsp; Jahreshauptversammlung 2023 Protokoll Pressebericht im S\u00fcdkurier (SK, 08.04.2023, pdf) &nbsp; Sportlerehrung am 22. M\u00e4rz 2023im Schloss Sch\u00f6nau(BZ, 24.03.2023, pdf)(SK, 25.03.2023, pdf) &nbsp; Jahreshauptversammlung 2022 Protokoll &nbsp; &hellip; <\/p>\n<p class=\"link-more\"><a href=\"https:\/\/saeckingen-sport.de\/?page_id=77\" class=\"more-link\"><span class=\"screen-reader-text\">\u201eBerichte\u201c <\/span>weiterlesen<\/a><\/p>\n","protected":false},"author":1,"featured_media":0,"parent":0,"menu_order":0,"comment_status":"closed","ping_status":"closed","template":"","meta":{"footnotes":""},"class_list":["post-77","page","type-page","status-publish","hentry","entry"],"_links":{"self":[{"href":"https:\/\/saeckingen-sport.de\/index.php?rest_route=\/wp\/v2\/pages\/77","targetHints":{"allow":["GET"]}}],"collection":[{"href":"https:\/\/saeckingen-sport.de\/index.php?rest_route=\/wp\/v2\/pages"}],"about":[{"href":"https:\/\/saeckingen-sport.de\/index.php?rest_route=\/wp\/v2\/types\/page"}],"author":[{"embeddable":true,"href":"https:\/\/saeckingen-sport.de\/index.php?rest_route=\/wp\/v2\/users\/1"}],"replies":[{"embeddable":true,"href":"https:\/\/saeckingen-sport.de\/index.php?rest_route=%2Fwp%2Fv2%2Fcomments&post=77"}],"version-history":[{"count":29,"href":"https:\/\/saeckingen-sport.de\/index.php?rest_route=\/wp\/v2\/pages\/77\/revisions"}],"predecessor-version":[{"id":608,"href":"https:\/\/saeckingen-sport.de\/index.php?rest_route=\/wp\/v2\/pages\/77\/revisions\/608"}],"wp:attachment":[{"href":"https:\/\/saeckingen-sport.de\/index.php?rest_route=%2Fwp%2Fv2%2Fmedia&parent=77"}],"curies":[{"name":"wp","href":"https:\/\/api.w.org\/{rel}","templated":true}]}}